{"id":17421,"date":"2023-01-06T16:43:43","date_gmt":"2023-01-06T15:43:43","guid":{"rendered":"https:\/\/www.old.elecom.fr\/?page_id=17421"},"modified":"2023-01-12T14:45:04","modified_gmt":"2023-01-12T13:45:04","slug":"legal-notice","status":"publish","type":"page","link":"https:\/\/www.old.elecom.fr\/en\/legal-notice\/","title":{"rendered":"Legal Notice"},"content":{"rendered":"\t\t<div data-elementor-type=\"wp-page\" data-elementor-id=\"17421\" class=\"elementor elementor-17421\" data-elementor-post-type=\"page\">\n\t\t\t\t\t\t<section class=\"elementor-section elementor-top-section elementor-element elementor-element-95ce31f elementor-section-height-min-height elementor-section-stretched elementor-section-boxed elementor-section-height-default elementor-section-items-middle\" data-id=\"95ce31f\" data-element_type=\"section\" data-e-type=\"section\" data-settings=\"{&quot;background_background&quot;:&quot;gradient&quot;,&quot;shape_divider_bottom&quot;:&quot;waves&quot;,&quot;stretch_section&quot;:&quot;section-stretched&quot;}\">\n\t\t\t\t\t\t\t<div class=\"elementor-background-overlay\"><\/div>\n\t\t\t\t\t\t<div class=\"elementor-shape elementor-shape-bottom\" aria-hidden=\"true\" data-negative=\"false\">\n\t\t\t<svg xmlns=\"http:\/\/www.w3.org\/2000\/svg\" viewBox=\"0 0 1000 100\" preserveAspectRatio=\"none\">\n\t<path class=\"elementor-shape-fill\" d=\"M421.9,6.5c22.6-2.5,51.5,0.4,75.5,5.3c23.6,4.9,70.9,23.5,100.5,35.7c75.8,32.2,133.7,44.5,192.6,49.7\n\tc23.6,2.1,48.7,3.5,103.4-2.5c54.7-6,106.2-25.6,106.2-25.6V0H0v30.3c0,0,72,32.6,158.4,30.5c39.2-0.7,92.8-6.7,134-22.4\n\tc21.2-8.1,52.2-18.2,79.7-24.2C399.3,7.9,411.6,7.5,421.9,6.5z\"\/>\n<\/svg>\t\t<\/div>\n\t\t\t\t\t<div class=\"elementor-container elementor-column-gap-default\">\n\t\t\t\t\t<div class=\"elementor-column elementor-col-100 elementor-top-column elementor-element elementor-element-e7dfb9f\" data-id=\"e7dfb9f\" data-element_type=\"column\" data-e-type=\"column\">\n\t\t\t<div class=\"elementor-widget-wrap elementor-element-populated\">\n\t\t\t\t\t\t<div class=\"elementor-element elementor-element-300ab68 elementor-widget elementor-widget-text-editor\" data-id=\"300ab68\" data-element_type=\"widget\" data-e-type=\"widget\" data-widget_type=\"text-editor.default\">\n\t\t\t\t<div class=\"elementor-widget-container\">\n\t\t\t\t\t\t\t\t\t<h1 class=\"elementor-heading-title elementor-size-default elementor-inline-editing pen\" contenteditable=\"true\" data-elementor-setting-key=\"title\" data-pen-placeholder=\"\u00c9crivez ici...\"><strong>Mentions l\u00e9gales du site www.elecom.fr<\/strong><\/h1>\t\t\t\t\t\t\t\t<\/div>\n\t\t\t\t<\/div>\n\t\t\t\t\t<\/div>\n\t\t<\/div>\n\t\t\t\t\t<\/div>\n\t\t<\/section>\n\t\t\t\t<section class=\"elementor-section elementor-top-section elementor-element elementor-element-7f03ee5 elementor-section-boxed elementor-section-height-default elementor-section-height-default\" data-id=\"7f03ee5\" data-element_type=\"section\" data-e-type=\"section\">\n\t\t\t\t\t\t<div class=\"elementor-container elementor-column-gap-default\">\n\t\t\t\t\t<div class=\"elementor-column elementor-col-100 elementor-top-column elementor-element elementor-element-470fc38\" data-id=\"470fc38\" data-element_type=\"column\" data-e-type=\"column\">\n\t\t\t<div class=\"elementor-widget-wrap elementor-element-populated\">\n\t\t\t\t\t\t<div class=\"elementor-element elementor-element-067c1a7 elementor-widget elementor-widget-text-editor\" data-id=\"067c1a7\" data-element_type=\"widget\" data-e-type=\"widget\" data-widget_type=\"text-editor.default\">\n\t\t\t\t<div class=\"elementor-widget-container\">\n\t\t\t\t\t\t\t\t\t<p class=\"text-medium line-height-30 text-medium-gray\"><strong style=\"font-size: 1.2em;\">Ce site est \u00e9dit\u00e9 par :<\/strong><\/p>\n<p>La soci\u00e9t\u00e9&nbsp;<strong>M JP F<\/strong>, dit \u00abL&rsquo;\u00e9diteur\u00bb, SAS au capital de 313 544 \u20ac.<br>14 RUE DU ZEPHYR<br>PARC D&rsquo;ACTIVIT\u00c9S DE L&rsquo;OC\u00c9ANE &#8211; B\u00c2TIMENT C11<br>91140 VILLEJUST<br>SIREN : 389&nbsp;660 358 (RC Evry)<br>N\u00b0 TVA&nbsp;: FR 39389660358<br>Responsable de publication : M. MAXIME ROUSSEAUX<br>Tel&nbsp;:&nbsp;<strong>01 64 49 66 25<br><\/strong>Email :&nbsp;<strong>contact[@]elecom.fr<\/strong><\/p>\n<p>Ce site est h\u00e9berg\u00e9 par&nbsp;:<br>La soci\u00e9t\u00e9<strong>&nbsp;OVH<\/strong>, dit \u00ab&nbsp;L\u2019h\u00e9bergeur&nbsp;\u00bb<br>2 rue Kellermann<br>59100 ROUBAIX<\/p>\n<p><strong style=\"font-size: 1.2em;\">Art. 1 Conditions d\u2019Utilisation<\/strong><\/p>\n<p>L&rsquo;utilisation du site&nbsp;<strong>www.elecom.fr<\/strong>&nbsp;entra\u00eene l&rsquo;acceptation inconditionnelle et automatique par l&rsquo;Utilisateur de la totalit\u00e9 des pr\u00e9sentes conditions d&rsquo;utilisation et des mentions l\u00e9gales ainsi que l&rsquo;engagement de les respecter.<br><strong>MJPF&nbsp;<\/strong>se r\u00e9serve le droit de modifier et de compl\u00e9ter les pr\u00e9sentes conditions d&rsquo;utilisation \u00e0 tout moment, sans pr\u00e9avis et sans contrepartie. La reconnexion et l&rsquo;utilisation continue dans le temps du site&nbsp;<strong>www.elecom.fr<\/strong>&nbsp; emporte re-acceptation syst\u00e9matique des conditions d&rsquo;utilisation et de leur respect. Par cons\u00e9quent, il rel\u00e8ve de la responsabilit\u00e9 de l&rsquo;Utilisateur de prendre connaissance des nouvelles actualisations de ces conditions \u00e0 chaque nouvelle connexion au site&nbsp;<strong>www.elecom.fr<\/strong>.<br>Ces conditions d&rsquo;utilisation comportent des exclusions de garantie et des limitations de responsabilit\u00e9 dont l&rsquo;Utilisateur d\u00e9clare avoir pris connaissance.<\/p>\n<p><strong style=\"font-size: 1.2em;\">Art. 2 Donn\u00e9es personnelles &amp; vie priv\u00e9e<\/strong><\/p>\n<p>2.1 Les donn\u00e9es sont exclusivement destin\u00e9es \u00e0 l\u2019\u00e9diteur \u00e0 des fins d\u2019enqu\u00eates, d\u2019analyses, de communications institutionnelles ou d\u2019op\u00e9rations relatives \u00e0 la gestion clients. Ces informations sont confidentielles et conserv\u00e9es par l\u2019\u00e9diteur. Conform\u00e9ment \u00e0 la loi \u00ab Informatique et Libert\u00e9s \u00bb du 06\/01\/78, vous disposez d&rsquo;un droit d&rsquo;acc\u00e8s, de rectification et de suppression de ces donn\u00e9es ainsi que d\u2019un droit de vous opposer \u00e0 ce que ces donn\u00e9es fassent l&rsquo;objet d&rsquo;un traitement en nous contactant par e-mail \u00e0 l\u2019adresse suivante :&nbsp;contact[@]elecom.fr<\/p>\n<p>Vos demandes devront \u00eatre sign\u00e9es et accompagn\u00e9es de la photocopie d\u2019un titre d\u2019identit\u00e9 portant la signature du titulaire. La demande devra pr\u00e9ciser l\u2019adresse \u00e0 laquelle devra parvenir la r\u00e9ponse. L\u2019\u00e9diteur disposera d\u2019un d\u00e9lai de 2 mois pour r\u00e9pondre suivant r\u00e9ception de la demande.<\/p>\n<p>Dans l\u2019hypoth\u00e8se o\u00f9 vous avez accept\u00e9, dans nos formulaires, de recevoir par email des informations et sollicitations \u00e9manant de notre soci\u00e9t\u00e9, vous aurez \u00e0 tout moment la facult\u00e9 de revenir sur cette d\u00e9cision en envoyant un mail avec pour objet \u00ab d\u00e9sabonnement \u00bb \u00e0 l\u2019adresse suivante :&nbsp;contact[@]elecom.fr<\/p>\n<p>2.2 Conform\u00e9ment \u00e0 l\u2019article 6 de la Loi du 21 juin 2004 pour la confiance en l\u2019\u00e9conomie num\u00e9rique, l&rsquo;h\u00e9bergeur conservera vos donn\u00e9es de connexion, couvertes par le secret professionnel et trait\u00e9es dans le respect des dispositions l\u00e9gales en mati\u00e8re de donn\u00e9es personnelles.<\/p>\n<p><strong style=\"font-size: 1.2em;\">Art.3 Liens hypertextes<\/strong><\/p>\n<p>Tout Webmaster qui souhaiterait \u00e9tablir un lien \u00e0 partir de son site vers le site&nbsp;<strong>www.elecom.fr<\/strong>&nbsp;est tenu d&rsquo;obtenir une autorisation expresse pr\u00e9alable en la sollicitant \u00e0 l&rsquo;adresse \u00e9lectronique&nbsp;contact[@]elecom.fr. En tout \u00e9tat de cause, le Webmaster qui cr\u00e9erait un lien hypertexte s&rsquo;engage \u00e0 ne pas utiliser la technique du site miroir ou celle du lien profond (\u00ab deep linking \u00bb), technique selon laquelle les pages du site&nbsp;<strong>www.elecom.fr<\/strong>&nbsp;sont imbriqu\u00e9es \u00e0 l&rsquo;int\u00e9rieur des pages du site du Webmaster.<\/p>\n<p>L&rsquo;Utilisateur qui serait redirig\u00e9 vers une tierce page Internet par l&rsquo;interm\u00e9diaire d&rsquo;un lien hypertexte figurant sur le site&nbsp;<strong>www.elecom.fr<\/strong>&nbsp;reconna\u00eet que&nbsp;<strong>MJPF<\/strong>&nbsp;ne ma\u00eetrise pas le contenu des sites de redirection. En cons\u00e9quence,&nbsp;<strong>MJPF<\/strong>&nbsp;ne pourra en aucun cas \u00eatre tenu(e) responsable d&rsquo;\u00e9ventuels dommages directs ou indirects du fait de l&rsquo;utilisation de sites accessibles via les liens hypertextes contenus sur le site&nbsp;<strong>www.elecom.fr<\/strong>.<\/p>\n<p><strong style=\"font-size: 1.2em;\">Art.4 Cookies<\/strong><\/p>\n<p>Lors de la navigation sur le Site, des cookies sont implant\u00e9s dans votre ordinateur. Un cookie ne nous permet pas de vous identifier : en revanche, il enregistre des informations relatives \u00e0 la navigation de votre ordinateur sur notre Site (les pages que vous avez consult\u00e9es, la date et l&rsquo;heure de la consultation, etc.) que nous pourrons lire lors de vos visites ult\u00e9rieures. La dur\u00e9e de conservation de ces informations dans votre ordinateur est de six mois.<\/p>\n<p>De plus, le site utilise Google Analytics, un service d&rsquo;analyse de site Internet fourni par Google Inc. (ci-apr\u00e8s \u00ab Google \u00bb). Google Analytics utilise des cookies pour aider l\u2019\u00e9diteur et l\u2019h\u00e9bergeur \u00e0 analyser l&rsquo;utilisation du Site par ses utilisateurs. Les donn\u00e9es g\u00e9n\u00e9r\u00e9es par les cookies concernant votre utilisation du Site (y compris votre adresse IP) seront transmises et stock\u00e9es par Google sur des serveurs situ\u00e9s aux Etats-Unis. Google utilisera cette information dans le but d&rsquo;\u00e9valuer votre utilisation du Site, de compiler des rapports sur l&rsquo;activit\u00e9 du Site \u00e0 destination de l\u2019\u00e9diteur et de l\u2019h\u00e9bergeur et de fournir d&rsquo;autres services relatifs \u00e0 l&rsquo;activit\u00e9 du site et \u00e0 l&rsquo;utilisation d&rsquo;Internet. Google est susceptible de communiquer ces donn\u00e9es \u00e0 des tiers en cas d&rsquo;obligation l\u00e9gale ou lorsque ces tiers traitent ces donn\u00e9es pour le compte de Google, y compris notamment l\u2019\u00e9diteur et l\u2019h\u00e9bergeur. Google ne recoupera pas votre adresse IP avec toute autre donn\u00e9e d\u00e9tenue par Google. En utilisant le Site, vous consentez express\u00e9ment au traitement de vos donn\u00e9es nominatives par Google dans les conditions et pour les finalit\u00e9s d\u00e9crites ci-dessus.<\/p>\n<p>Nous vous informons que vous pouvez vous opposer \u00e0 l&rsquo;enregistrement de cookies en configurant votre navigateur de la mani\u00e8re suivante :<\/p>\n<p><strong>Internet explorer<\/strong><br>1. Dans le menu \u00ab Outils \u00bb en haut \u00e0 droite de la barre de navigation, s\u00e9lectionnez \u00ab Options Internet \u00bb<br>2. Cliquez sur l\u2019onglet \u00ab Confidentialit\u00e9 \u00bb<br>3. Vous pouvez param\u00e9trer vos choix concernant les cookies \u00e0 l\u2019aide d\u2019un curseur. Si vous cliquez sur \u00ab Avanc\u00e9 \u00bb vous pouvez faire une gestion manuelle et avanc\u00e9e des cookies<br>4. Sauvegardez vos pr\u00e9f\u00e9rences en cliquant sur \u00ab OK \u00bb<\/p>\n<p><strong>Mozilla Firefox<\/strong><br>1. Dans le menu en haut de la page cliquez sur \u00ab Outils \u00bb puis \u00ab Options \u00bb<br>2. S\u00e9lectionnez l\u2019onglet \u00ab Vie priv\u00e9e \u00bb<br>3. Paragraphe Historique&nbsp;: Dans le menu d\u00e9roulant \u00ab R\u00e8gles de conservation \u00bb, cliquez sur \u00ab utiliser les param\u00e8tres personnalis\u00e9s pour l\u2019historique \u00bb<br>4. Les param\u00e8tres qui s\u2019affichent vous permettent de param\u00e9trer vos choix concernant les cookies et leur dur\u00e9e de conservation (refuser tous les cookies, d\u2019accepter les cookies en refusant les cookies tiers, . . .)<br>5. Sauvegardez vos pr\u00e9f\u00e9rences en cliquant sur \u00ab OK \u00bb<\/p>\n<p><strong>Google Chrome<\/strong><br>1. Cliquez sur l\u2019ic\u00f4ne personnaliser et contr\u00f4ler Google Chrome situ\u00e9e en haut \u00e0 droite de la barre de navigation<br>2. S\u00e9lectionnez \u00ab Param\u00e8tres \u00bb puis activez \u00ab&nbsp;afficher les param\u00e8tres avanc\u00e9s&nbsp;\u00bb<br>3. Dans la partie confidentialit\u00e9, activez le menu \u00ab&nbsp;param\u00e8tres de contenus&nbsp;\u00bb.<br>4. Param\u00e9trez vos choix concernant les cookies, s\u00e9lectionnez \u00ab Blocage des sites tiers.<\/p>\n<p><strong>Safari<\/strong><br>1. Dans la barre de menu en haut, cliquez sur \u00ab Safari \u00bb, puis \u00ab Pr\u00e9f\u00e9rences \u00bb<br>2. S\u00e9lectionnez l\u2019ic\u00f4ne \u00ab Confidentialit\u00e9\u00bb<br>3. Param\u00e9trez vos choix concernant les cookies (Blocage des sites tiers)<\/p>\n<p>Nous vous informons n\u00e9anmoins que l\u2019acc\u00e8s \u00e0 certains services et rubriques du Site pourra \u00eatre alt\u00e9r\u00e9 voire impossible du fait de la suppression des cookies.<\/p>\n<p><strong style=\"font-size: 1.2em;\">Art. 5 Contenu du Site<\/strong><\/p>\n<p>L\u2019\u00e9diteur, l\u2019h\u00e9bergeur et, plus g\u00e9n\u00e9ralement, toute soci\u00e9t\u00e9 contribuant \u00e0 la conception, \u00e0 la r\u00e9alisation et \u00e0 la mise en ligne de ce Site s\u2019efforcent d\u2019assurer l\u2019exactitude et la mise \u00e0 jour r\u00e9guli\u00e8re des informations diffus\u00e9es sur ce Site. L\u2019\u00e9diteur et les prestataires pr\u00e9cit\u00e9s se r\u00e9servent le droit de corriger et modifier \u00e0 tout moment le contenu du Site sans que leur responsabilit\u00e9 puisse \u00eatre engag\u00e9e de ce fait, l\u2019\u00e9diteur pouvant apporter \u00e0 tout moment des am\u00e9liorations et\/ou changements au(x) service(s) d\u00e9crits sur ce Site.<\/p>\n<p><strong style=\"font-size: 1.2em;\">Art. 6 Droits d&rsquo;auteur et propri\u00e9t\u00e9 intellectuelle<\/strong><\/p>\n<p>La pr\u00e9sentation et chacun des \u00e9l\u00e9ments, y compris les marques, logos et noms de domaine, apparaissant sur le Site blog.axe-net.fr, sont prot\u00e9g\u00e9s par les lois en vigueur sur la propri\u00e9t\u00e9 intellectuelle, et appartiennent \u00e0&nbsp;<strong>MJPF<\/strong>&nbsp;ou font l&rsquo;objet d&rsquo;une autorisation d&rsquo;utilisation.<br>Aucun \u00e9l\u00e9ment composant le Site (textes des articles, images, logos, code html, &#8230;) ne peut \u00eatre copi\u00e9, reproduit, modifi\u00e9, r\u00e9\u00e9dit\u00e9, charg\u00e9, d\u00e9natur\u00e9, transmis ou distribu\u00e9 de quelque mani\u00e8re que ce soit, sous quelque support que ce soit, de fa\u00e7on partielle ou int\u00e9grale, sans l&rsquo;autorisation \u00e9crite et pr\u00e9alable de&nbsp;<strong>MJPF&nbsp;<\/strong>et sous r\u00e9serve du respect des droits de propri\u00e9t\u00e9 intellectuelle et de tout autre droit de propri\u00e9t\u00e9 dont il est fait mention. Seule la copie \u00e0 usage priv\u00e9 est autoris\u00e9e pour votre usage personnel, priv\u00e9 et non commercial, sur votre ordinateur personnel.<br><strong>MJPF<\/strong>&nbsp;se r\u00e9serve le droit de poursuivre tout acte de contrefa\u00e7on de ses droits de propri\u00e9t\u00e9 intellectuelle.<br>En tout \u00e9tat de cause, sur toute copie autoris\u00e9e de tout ou partie du contenu du site, devra figurer la mention \u00ab Copyright&nbsp;<strong>MJPF<\/strong>&nbsp;tous droits r\u00e9serv\u00e9s \u00bb.<\/p>\n<p><strong style=\"font-size: 1.2em;\">Pour rappel&nbsp;:<\/strong><\/p>\n<p>Le Code fran\u00e7ais de la propri\u00e9t\u00e9 intellectuelle n&rsquo;autorisant, aux termes des paragraphes 2\u00b0 et 3\u00b0 de l&rsquo;article L.122-5, d&rsquo;une part, que \u00ab\u00a0les copies ou reproductions strictement r\u00e9serv\u00e9es \u00e0 l&rsquo;usage priv\u00e9 du copiste et non destin\u00e9es \u00e0 une utilisation collective\u00a0\u00bb et, d&rsquo;autre part, sous r\u00e9serve du nom de l&rsquo;auteur et de la source,&nbsp;que \u00ab\u00a0<em>les analyses et les courtes citations justifi\u00e9es par le caract\u00e8re critique, pol\u00e9mique, p\u00e9dagogique, scientifique ou d&rsquo;information<\/em>\u00ab\u00a0, toute repr\u00e9sentation ou reproduction int\u00e9grale ou partielle, faite sans consentement de l&rsquo;auteur ou de ses ayants droit, est illicite (art. L.122-4). Toute repr\u00e9sentation ou reproduction, par quelque proc\u00e9d\u00e9 que ce soit, notamment par t\u00e9l\u00e9chargement, sortie imprimante, copie accessible sur le web, constituera donc une contrefa\u00e7on sanctionn\u00e9e par les articles L.335-2 et suivants du Code fran\u00e7ais de la propri\u00e9t\u00e9 intellectuelle. Toute violation de ces dispositions rend le contrevenant, ainsi que toutes les personnes responsables, passibles des peines p\u00e9nales et civiles pr\u00e9vues par la loi.<br>La violation des droits d\u2019auteurs est constitutive du d\u00e9lit de contrefa\u00e7on punie d\u2019une peine de 152449,00 euros d\u2019amende et de 2 ans d\u2019emprisonnement (CPI, articles L. 335-1 et suivant). Des peines compl\u00e9mentaires (fermeture d\u2019\u00e9tablissement, confiscation, affichage de la d\u00e9cision judiciaire) peuvent en outre \u00eatre prononc\u00e9es.<\/p>\n<p><strong style=\"font-size: 1.2em;\">Art. 7 Droit applicable<\/strong><\/p>\n<p>Les pr\u00e9sentes Conditions G\u00e9n\u00e9rales sont r\u00e9gies, interpr\u00e9t\u00e9es et appliqu\u00e9es en vertu du droit fran\u00e7ais. Seuls les tribunaux fran\u00e7ais seront comp\u00e9tents pour conna\u00eetre d&rsquo;\u00e9ventuels litiges relatifs aux pr\u00e9sentes conditions d&rsquo;utilisation et \u00e0 leur mise en \u0153uvre, notamment leur validit\u00e9, leur interpr\u00e9tation, leur ex\u00e9cution, leur r\u00e9siliation et leurs cons\u00e9quences.<\/p>\t\t\t\t\t\t\t\t<\/div>\n\t\t\t\t<\/div>\n\t\t\t\t\t<\/div>\n\t\t<\/div>\n\t\t\t\t\t<\/div>\n\t\t<\/section>\n\t\t\t\t<\/div>\n\t\t","protected":false},"excerpt":{"rendered":"<p>Mentions l\u00e9gales du site www.elecom.fr Ce site est \u00e9dit\u00e9 par : La soci\u00e9t\u00e9&nbsp;M JP F, dit \u00abL&rsquo;\u00e9diteur\u00bb, SAS au capital de 313 544 \u20ac.14 RUE DU<span class=\"excerpt-hellip\"> [\u2026]<\/span><\/p>\n","protected":false},"author":1,"featured_media":0,"parent":0,"menu_order":0,"comment_status":"closed","ping_status":"closed","template":"","meta":{"footnotes":""},"class_list":["post-17421","page","type-page","status-publish","hentry"],"yoast_head":"<!-- This site is optimized with the Yoast SEO plugin v26.9 - https:\/\/yoast.com\/product\/yoast-seo-wordpress\/ -->\n<title>Legal Notice - Elecom<\/title>\n<meta name=\"description\" content=\"Mentions l\u00e9gales ELECOM - Fabricant de supports interactifs : table tactile, borne tactile, mur d&#039;image tactile et totem tactile.\" \/>\n<meta name=\"robots\" content=\"noindex, follow, max-snippet:-1, max-image-preview:large, max-video-preview:-1\" \/>\n<meta property=\"og:locale\" content=\"en_GB\" \/>\n<meta property=\"og:type\" content=\"article\" \/>\n<meta property=\"og:title\" content=\"Legal Notice - Elecom\" \/>\n<meta property=\"og:description\" content=\"Mentions l\u00e9gales ELECOM - Fabricant de supports interactifs : table tactile, borne tactile, mur d&#039;image tactile et totem tactile.\" \/>\n<meta property=\"og:url\" content=\"https:\/\/www.old.elecom.fr\/en\/legal-notice\/\" \/>\n<meta property=\"og:site_name\" content=\"Elecom\" \/>\n<meta property=\"article:modified_time\" content=\"2023-01-12T13:45:04+00:00\" \/>\n<meta name=\"twitter:card\" content=\"summary_large_image\" \/>\n<meta name=\"twitter:label1\" content=\"Estimated reading time\" \/>\n\t<meta name=\"twitter:data1\" content=\"9 minutes\" \/>\n<script type=\"application\/ld+json\" class=\"yoast-schema-graph\">{\"@context\":\"https:\/\/schema.org\",\"@graph\":[{\"@type\":\"WebPage\",\"@id\":\"https:\/\/www.old.elecom.fr\/en\/legal-notice\/\",\"url\":\"https:\/\/www.old.elecom.fr\/en\/legal-notice\/\",\"name\":\"Legal Notice - Elecom\",\"isPartOf\":{\"@id\":\"https:\/\/www.old.elecom.fr\/en\/#website\"},\"datePublished\":\"2023-01-06T15:43:43+00:00\",\"dateModified\":\"2023-01-12T13:45:04+00:00\",\"description\":\"Mentions l\u00e9gales ELECOM - Fabricant de supports interactifs : table tactile, borne tactile, mur d'image tactile et totem tactile.\",\"breadcrumb\":{\"@id\":\"https:\/\/www.old.elecom.fr\/en\/legal-notice\/#breadcrumb\"},\"inLanguage\":\"en-GB\",\"potentialAction\":[{\"@type\":\"ReadAction\",\"target\":[\"https:\/\/www.old.elecom.fr\/en\/legal-notice\/\"]}]},{\"@type\":\"BreadcrumbList\",\"@id\":\"https:\/\/www.old.elecom.fr\/en\/legal-notice\/#breadcrumb\",\"itemListElement\":[{\"@type\":\"ListItem\",\"position\":1,\"name\":\"Accueil\",\"item\":\"https:\/\/www.old.elecom.fr\/en\/\"},{\"@type\":\"ListItem\",\"position\":2,\"name\":\"Legal Notice\"}]},{\"@type\":\"WebSite\",\"@id\":\"https:\/\/www.old.elecom.fr\/en\/#website\",\"url\":\"https:\/\/www.old.elecom.fr\/en\/\",\"name\":\"Elecom\",\"description\":\"\",\"publisher\":{\"@id\":\"https:\/\/www.old.elecom.fr\/en\/#organization\"},\"potentialAction\":[{\"@type\":\"SearchAction\",\"target\":{\"@type\":\"EntryPoint\",\"urlTemplate\":\"https:\/\/www.old.elecom.fr\/en\/?s={search_term_string}\"},\"query-input\":{\"@type\":\"PropertyValueSpecification\",\"valueRequired\":true,\"valueName\":\"search_term_string\"}}],\"inLanguage\":\"en-GB\"},{\"@type\":\"Organization\",\"@id\":\"https:\/\/www.old.elecom.fr\/en\/#organization\",\"name\":\"Elecom\",\"url\":\"https:\/\/www.old.elecom.fr\/en\/\",\"logo\":{\"@type\":\"ImageObject\",\"inLanguage\":\"en-GB\",\"@id\":\"https:\/\/www.old.elecom.fr\/en\/#\/schema\/logo\/image\/\",\"url\":\"https:\/\/www.old.elecom.fr\/wp-content\/uploads\/2021\/04\/ELECOM-SIGLE-YELLOW.png\",\"contentUrl\":\"https:\/\/www.old.elecom.fr\/wp-content\/uploads\/2021\/04\/ELECOM-SIGLE-YELLOW.png\",\"width\":1813,\"height\":1813,\"caption\":\"Elecom\"},\"image\":{\"@id\":\"https:\/\/www.old.elecom.fr\/en\/#\/schema\/logo\/image\/\"}}]}<\/script>\n<!-- \/ Yoast SEO plugin. -->","yoast_head_json":{"title":"Legal Notice - Elecom","description":"Mentions l\u00e9gales ELECOM - Fabricant de supports interactifs : table tactile, borne tactile, mur d'image tactile et totem tactile.","robots":{"index":"noindex","follow":"follow","max-snippet":"max-snippet:-1","max-image-preview":"max-image-preview:large","max-video-preview":"max-video-preview:-1"},"og_locale":"en_GB","og_type":"article","og_title":"Legal Notice - Elecom","og_description":"Mentions l\u00e9gales ELECOM - Fabricant de supports interactifs : table tactile, borne tactile, mur d'image tactile et totem tactile.","og_url":"https:\/\/www.old.elecom.fr\/en\/legal-notice\/","og_site_name":"Elecom","article_modified_time":"2023-01-12T13:45:04+00:00","twitter_card":"summary_large_image","twitter_misc":{"Estimated reading time":"9 minutes"},"schema":{"@context":"https:\/\/schema.org","@graph":[{"@type":"WebPage","@id":"https:\/\/www.old.elecom.fr\/en\/legal-notice\/","url":"https:\/\/www.old.elecom.fr\/en\/legal-notice\/","name":"Legal Notice - Elecom","isPartOf":{"@id":"https:\/\/www.old.elecom.fr\/en\/#website"},"datePublished":"2023-01-06T15:43:43+00:00","dateModified":"2023-01-12T13:45:04+00:00","description":"Mentions l\u00e9gales ELECOM - Fabricant de supports interactifs : table tactile, borne tactile, mur d'image tactile et totem tactile.","breadcrumb":{"@id":"https:\/\/www.old.elecom.fr\/en\/legal-notice\/#breadcrumb"},"inLanguage":"en-GB","potentialAction":[{"@type":"ReadAction","target":["https:\/\/www.old.elecom.fr\/en\/legal-notice\/"]}]},{"@type":"BreadcrumbList","@id":"https:\/\/www.old.elecom.fr\/en\/legal-notice\/#breadcrumb","itemListElement":[{"@type":"ListItem","position":1,"name":"Accueil","item":"https:\/\/www.old.elecom.fr\/en\/"},{"@type":"ListItem","position":2,"name":"Legal Notice"}]},{"@type":"WebSite","@id":"https:\/\/www.old.elecom.fr\/en\/#website","url":"https:\/\/www.old.elecom.fr\/en\/","name":"Elecom","description":"","publisher":{"@id":"https:\/\/www.old.elecom.fr\/en\/#organization"},"potentialAction":[{"@type":"SearchAction","target":{"@type":"EntryPoint","urlTemplate":"https:\/\/www.old.elecom.fr\/en\/?s={search_term_string}"},"query-input":{"@type":"PropertyValueSpecification","valueRequired":true,"valueName":"search_term_string"}}],"inLanguage":"en-GB"},{"@type":"Organization","@id":"https:\/\/www.old.elecom.fr\/en\/#organization","name":"Elecom","url":"https:\/\/www.old.elecom.fr\/en\/","logo":{"@type":"ImageObject","inLanguage":"en-GB","@id":"https:\/\/www.old.elecom.fr\/en\/#\/schema\/logo\/image\/","url":"https:\/\/www.old.elecom.fr\/wp-content\/uploads\/2021\/04\/ELECOM-SIGLE-YELLOW.png","contentUrl":"https:\/\/www.old.elecom.fr\/wp-content\/uploads\/2021\/04\/ELECOM-SIGLE-YELLOW.png","width":1813,"height":1813,"caption":"Elecom"},"image":{"@id":"https:\/\/www.old.elecom.fr\/en\/#\/schema\/logo\/image\/"}}]}},"_links":{"self":[{"href":"https:\/\/www.old.elecom.fr\/en\/wp-json\/wp\/v2\/pages\/17421","targetHints":{"allow":["GET"]}}],"collection":[{"href":"https:\/\/www.old.elecom.fr\/en\/wp-json\/wp\/v2\/pages"}],"about":[{"href":"https:\/\/www.old.elecom.fr\/en\/wp-json\/wp\/v2\/types\/page"}],"author":[{"embeddable":true,"href":"https:\/\/www.old.elecom.fr\/en\/wp-json\/wp\/v2\/users\/1"}],"replies":[{"embeddable":true,"href":"https:\/\/www.old.elecom.fr\/en\/wp-json\/wp\/v2\/comments?post=17421"}],"version-history":[{"count":5,"href":"https:\/\/www.old.elecom.fr\/en\/wp-json\/wp\/v2\/pages\/17421\/revisions"}],"predecessor-version":[{"id":17917,"href":"https:\/\/www.old.elecom.fr\/en\/wp-json\/wp\/v2\/pages\/17421\/revisions\/17917"}],"wp:attachment":[{"href":"https:\/\/www.old.elecom.fr\/en\/wp-json\/wp\/v2\/media?parent=17421"}],"curies":[{"name":"wp","href":"https:\/\/api.w.org\/{rel}","templated":true}]}}